{"id":1035,"date":"2022-02-15T19:41:35","date_gmt":"2022-02-15T18:41:35","guid":{"rendered":"https:\/\/www.decotec-studio.com\/?page_id=1035"},"modified":"2026-04-27T17:21:40","modified_gmt":"2026-04-27T15:21:40","slug":"realizations","status":"publish","type":"page","link":"https:\/\/www.decotec-studio.com\/en\/realizations\/","title":{"rendered":"Realizations"},"content":{"rendered":"\t\t<div data-elementor-type=\"wp-page\" data-elementor-id=\"1035\" class=\"elementor elementor-1035 elementor-243\" data-elementor-post-type=\"page\">\n\t\t\t\t\t\t<section class=\"elementor-section elementor-top-section elementor-element elementor-element-6d8fa451 elementor-section-full_width elementor-section-height-min-height elementor-section-items-stretch elementor-section-content-top elementor-section-height-default\" data-id=\"6d8fa451\" data-element_type=\"section\" data-e-type=\"section\" data-settings=\"{&quot;background_background&quot;:&quot;classic&quot;}\">\n\t\t\t\t\t\t<div class=\"elementor-container elementor-column-gap-no\">\n\t\t\t\t\t<div class=\"elementor-column elementor-col-100 elementor-top-column elementor-element elementor-element-7571e7a7\" data-id=\"7571e7a7\" data-element_type=\"column\" data-e-type=\"column\">\n\t\t\t<div class=\"elementor-widget-wrap elementor-element-populated\">\n\t\t\t\t\t\t<div class=\"elementor-element elementor-element-3622a119 elementor-widget__width-initial elementor-absolute elementor-widget-tablet__width-initial elementor-widget-mobile__width-inherit elementor-widget elementor-widget-spacer\" data-id=\"3622a119\" data-element_type=\"widget\" data-e-type=\"widget\" data-settings=\"{&quot;_position&quot;:&quot;absolute&quot;}\" data-widget_type=\"spacer.default\">\n\t\t\t\t<div class=\"elementor-widget-container\">\n\t\t\t\t\t\t\t<div class=\"elementor-spacer\">\n\t\t\t<div class=\"elementor-spacer-inner\"><\/div>\n\t\t<\/div>\n\t\t\t\t\t\t<\/div>\n\t\t\t\t<\/div>\n\t\t\t\t<section class=\"elementor-section elementor-inner-section elementor-element elementor-element-8a15b7 elementor-section-height-min-height elementor-section-boxed elementor-section-height-default\" data-id=\"8a15b7\" data-element_type=\"section\" data-e-type=\"section\">\n\t\t\t\t\t\t<div class=\"elementor-container elementor-column-gap-no\">\n\t\t\t\t\t<div class=\"elementor-column elementor-col-50 elementor-inner-column elementor-element elementor-element-33196a38\" data-id=\"33196a38\" data-element_type=\"column\" data-e-type=\"column\">\n\t\t\t<div class=\"elementor-widget-wrap elementor-element-populated\">\n\t\t\t\t\t\t<div class=\"elementor-element elementor-element-50890fda elementor-invisible elementor-widget elementor-widget-heading\" data-id=\"50890fda\" data-element_type=\"widget\" data-e-type=\"widget\" data-settings=\"{&quot;_animation&quot;:&quot;fadeIn&quot;}\" data-widget_type=\"heading.default\">\n\t\t\t\t<div class=\"elementor-widget-container\">\n\t\t\t\t\t<h1 class=\"elementor-heading-title elementor-size-default\">Realizations<\/h1>\t\t\t\t<\/div>\n\t\t\t\t<\/div>\n\t\t\t\t<div class=\"elementor-element elementor-element-4d215ef elementor-widget elementor-widget-heading\" data-id=\"4d215ef\" data-element_type=\"widget\" data-e-type=\"widget\" data-widget_type=\"heading.default\">\n\t\t\t\t<div class=\"elementor-widget-container\">\n\t\t\t\t\t<h6 class=\"elementor-heading-title elementor-size-default\">Know-how, exclusivity, passion<\/h6>\t\t\t\t<\/div>\n\t\t\t\t<\/div>\n\t\t\t\t<div class=\"elementor-element elementor-element-ae66535 elementor-widget-divider--view-line elementor-widget elementor-widget-divider\" data-id=\"ae66535\" data-element_type=\"widget\" data-e-type=\"widget\" data-widget_type=\"divider.default\">\n\t\t\t\t<div class=\"elementor-widget-container\">\n\t\t\t\t\t\t\t<div class=\"elementor-divider\">\n\t\t\t<span class=\"elementor-divider-separator\">\n\t\t\t\t\t\t<\/span>\n\t\t<\/div>\n\t\t\t\t\t\t<\/div>\n\t\t\t\t<\/div>\n\t\t\t\t\t<\/div>\n\t\t<\/div>\n\t\t\t\t<div class=\"elementor-column elementor-col-50 elementor-inner-column elementor-element elementor-element-7b1b986\" data-id=\"7b1b986\" data-element_type=\"column\" data-e-type=\"column\" data-settings=\"{&quot;background_background&quot;:&quot;classic&quot;}\">\n\t\t\t<div class=\"elementor-widget-wrap elementor-element-populated\">\n\t\t\t\t\t\t<div class=\"elementor-element elementor-element-7afbe90 elementor-widget elementor-widget-text-editor\" data-id=\"7afbe90\" data-element_type=\"widget\" data-e-type=\"widget\" data-widget_type=\"text-editor.default\">\n\t\t\t\t<div class=\"elementor-widget-container\">\n\t\t\t\t\t\t\t\t\t<p><strong>Decotec Studio<\/strong> is our service dedicated to interior design professionals. We create singular furniture from collaboration with craftsmen and designers, for their individual or collective projects.<\/p>\t\t\t\t\t\t\t\t<\/div>\n\t\t\t\t<\/div>\n\t\t\t\t<div class=\"elementor-element elementor-element-a8a3a42 elementor-align-left elementor-widget elementor-widget-button\" data-id=\"a8a3a42\" data-element_type=\"widget\" data-e-type=\"widget\" data-widget_type=\"button.default\">\n\t\t\t\t<div class=\"elementor-widget-container\">\n\t\t\t\t\t\t\t\t\t<div class=\"elementor-button-wrapper\">\n\t\t\t\t\t<a class=\"elementor-button elementor-button-link elementor-size-sm\" href=\"https:\/\/www.decotec-studio.com\/en\/contact\/\">\n\t\t\t\t\t\t<span class=\"elementor-button-content-wrapper\">\n\t\t\t\t\t\t\t\t\t<span class=\"elementor-button-text\">Do not hesitate to contact us ! We are waiting for you... \u27f6<\/span>\n\t\t\t\t\t<\/span>\n\t\t\t\t\t<\/a>\n\t\t\t\t<\/div>\n\t\t\t\t\t\t\t\t<\/div>\n\t\t\t\t<\/div>\n\t\t\t\t<div class=\"elementor-element elementor-element-2508e1b elementor-widget elementor-widget-text-editor\" data-id=\"2508e1b\" data-element_type=\"widget\" data-e-type=\"widget\" data-widget_type=\"text-editor.default\">\n\t\t\t\t<div class=\"elementor-widget-container\">\n\t\t\t\t\t\t\t\t\t<blockquote><p><span data-olk-copy-source=\"MessageBody\">New collaboration: On the occasion of the Venice Biennale 2026, the exhibition Il Corpo Della Materia, in the cloister of the Madonna dell&#8217;Orto, presents <strong>the NEXUS furniture designed by Charlotte Juillard.<\/strong><\/span><\/p><p><strong>The Kantai furniture<\/strong> (warm welcome in Japanese) won an award in the FD100 on the occasion of the scenography prize awarded to <strong>Jos\u00e9 Levy, at the French Pavilion<\/strong> at the 2025 World Expo in Osaka.<\/p><p><strong><b>The Potente  <img decoding=\"async\" src=\"https:\/\/www.decotec-studio.com\/wp-content\/uploads\/2023\/03\/esperluette-p-m-sans-cadre.png\" width=\"20px\"\"> Masini studio<\/b><\/strong> offers a different way of living your bathroom space.<\/p><p><strong>V\u00e9ronique de Soultrait<\/strong>, passionate about braiding techniques,<br>and <strong>Steaven Richard<\/strong>, artistic blacksmith and designer of unique materials,<br>create singular facades exclusively for <a style=\"color: #4b4f58; font-weight: bold;\" href=\"https:\/\/decotec.fr\/collections\/4832\/\" target=\"_blank\" rel=\"noopener\">the Karma collection<\/a>.<\/p><\/blockquote>\t\t\t\t\t\t\t\t<\/div>\n\t\t\t\t<\/div>\n\t\t\t\t\t<\/div>\n\t\t<\/div>\n\t\t\t\t\t<\/div>\n\t\t<\/section>\n\t\t\t\t\t<\/div>\n\t\t<\/div>\n\t\t\t\t\t<\/div>\n\t\t<\/section>\n\t\t\t\t<section class=\"elementor-section elementor-top-section elementor-element elementor-element-277f28c3 elementor-section-boxed elementor-section-height-default elementor-section-height-default\" data-id=\"277f28c3\" data-element_type=\"section\" data-e-type=\"section\">\n\t\t\t\t\t\t<div class=\"elementor-container elementor-column-gap-no\">\n\t\t\t\t\t<div class=\"elementor-column elementor-col-100 elementor-top-column elementor-element elementor-element-19c487a4\" data-id=\"19c487a4\" data-element_type=\"column\" data-e-type=\"column\">\n\t\t\t<div class=\"elementor-widget-wrap elementor-element-populated\">\n\t\t\t\t\t\t<div class=\"elementor-element elementor-element-73c2e06 elementor-widget elementor-widget-gallery\" data-id=\"73c2e06\" data-element_type=\"widget\" data-e-type=\"widget\" data-settings=\"{&quot;columns&quot;:2,&quot;aspect_ratio&quot;:&quot;1:1&quot;,&quot;overlay_title&quot;:&quot;title&quot;,&quot;overlay_description&quot;:&quot;description&quot;,&quot;lazyload&quot;:&quot;yes&quot;,&quot;gallery_layout&quot;:&quot;grid&quot;,&quot;columns_tablet&quot;:2,&quot;columns_mobile&quot;:1,&quot;gap&quot;:{&quot;unit&quot;:&quot;px&quot;,&quot;size&quot;:10,&quot;sizes&quot;:[]},&quot;gap_tablet&quot;:{&quot;unit&quot;:&quot;px&quot;,&quot;size&quot;:10,&quot;sizes&quot;:[]},&quot;gap_mobile&quot;:{&quot;unit&quot;:&quot;px&quot;,&quot;size&quot;:10,&quot;sizes&quot;:[]},&quot;link_to&quot;:&quot;file&quot;,&quot;overlay_background&quot;:&quot;yes&quot;,&quot;content_hover_animation&quot;:&quot;fade-in&quot;}\" data-widget_type=\"gallery.default\">\n\t\t\t\t<div class=\"elementor-widget-container\">\n\t\t\t\t\t\t\t<div class=\"elementor-gallery__container\">\n\t\t\t\t\t\t\t<a class=\"e-gallery-item elementor-gallery-item elementor-animated-content\" href=\"https:\/\/www.decotec-studio.com\/wp-content\/uploads\/2026\/04\/DECOTEC-NEXUS.15.png\" data-elementor-open-lightbox=\"yes\" data-elementor-lightbox-slideshow=\"73c2e06\" data-elementor-lightbox-title=\"DECOTEC-NEXUS.15\" data-elementor-lightbox-description=\"Biennale de Venise - Nexus par Charlotte Juillard pour Decotec\" data-e-action-hash=\"#elementor-action%3Aaction%3Dlightbox%26settings%3DeyJpZCI6MTg1NywidXJsIjoiaHR0cHM6XC9cL3d3dy5kZWNvdGVjLXN0dWRpby5jb21cL3dwLWNvbnRlbnRcL3VwbG9hZHNcLzIwMjZcLzA0XC9ERUNPVEVDLU5FWFVTLjE1LnBuZyIsInNsaWRlc2hvdyI6IjczYzJlMDYifQ%3D%3D\">\n\t\t\t\t\t<div class=\"e-gallery-image elementor-gallery-item__image\" data-thumbnail=\"https:\/\/www.decotec-studio.com\/wp-content\/uploads\/2026\/04\/DECOTEC-NEXUS.15-1024x1006.png\" data-width=\"1024\" data-height=\"1006\" aria-label=\"Nexus par Charlotte Juillard pour Decotec\" role=\"img\" ><\/div>\n\t\t\t\t\t\t\t\t\t\t\t<div class=\"elementor-gallery-item__overlay\"><\/div>\n\t\t\t\t\t\t\t\t\t\t\t\t\t\t\t<div class=\"elementor-gallery-item__content\">\n\t\t\t\t\t\t\t\t\t\t\t\t\t\t<div class=\"elementor-gallery-item__title\">\n\t\t\t\t\t\t\t\t\t\t\t\t\t\t\t\t\t\tDECOTEC-NEXUS.15\t\t\t\t\t\t\t\t<\/div>\n\t\t\t\t\t\t\t\t\t\t\t\t\t\t\t<div class=\"elementor-gallery-item__description\">\n\t\t\t\t\t\t\t\t\t\t\t\t\t\t\t\t\t\tBiennale de Venise - Nexus par Charlotte Juillard pour Decotec\t\t\t\t\t\t\t\t<\/div>\n\t\t\t\t\t\t\t\t\t\t\t\t<\/div>\n\t\t\t\t\t\t\t\t\t<\/a>\n\t\t\t\t\t\t\t<a class=\"e-gallery-item elementor-gallery-item elementor-animated-content\" href=\"https:\/\/www.decotec-studio.com\/wp-content\/uploads\/2026\/04\/DECOTEC-NEXUS.8.jpg\" data-elementor-open-lightbox=\"yes\" data-elementor-lightbox-slideshow=\"73c2e06\" data-elementor-lightbox-title=\"DECOTEC-NEXUS.8\" data-elementor-lightbox-description=\"Biennale de Venise - Nexus par Charlotte Juillard pour Decotec\" data-e-action-hash=\"#elementor-action%3Aaction%3Dlightbox%26settings%3DeyJpZCI6MTg1OSwidXJsIjoiaHR0cHM6XC9cL3d3dy5kZWNvdGVjLXN0dWRpby5jb21cL3dwLWNvbnRlbnRcL3VwbG9hZHNcLzIwMjZcLzA0XC9ERUNPVEVDLU5FWFVTLjguanBnIiwic2xpZGVzaG93IjoiNzNjMmUwNiJ9\">\n\t\t\t\t\t<div class=\"e-gallery-image elementor-gallery-item__image\" data-thumbnail=\"https:\/\/www.decotec-studio.com\/wp-content\/uploads\/2026\/04\/DECOTEC-NEXUS.8-1024x991.jpg\" data-width=\"1024\" data-height=\"991\" aria-label=\"Nexus par Charlotte Juillard pour Decotec\" role=\"img\" ><\/div>\n\t\t\t\t\t\t\t\t\t\t\t<div class=\"elementor-gallery-item__overlay\"><\/div>\n\t\t\t\t\t\t\t\t\t\t\t\t\t\t\t<div class=\"elementor-gallery-item__content\">\n\t\t\t\t\t\t\t\t\t\t\t\t\t\t<div class=\"elementor-gallery-item__title\">\n\t\t\t\t\t\t\t\t\t\t\t\t\t\t\t\t\t\tDECOTEC-NEXUS.8\t\t\t\t\t\t\t\t<\/div>\n\t\t\t\t\t\t\t\t\t\t\t\t\t\t\t<div class=\"elementor-gallery-item__description\">\n\t\t\t\t\t\t\t\t\t\t\t\t\t\t\t\t\t\tBiennale de Venise - Nexus par Charlotte Juillard pour Decotec\t\t\t\t\t\t\t\t<\/div>\n\t\t\t\t\t\t\t\t\t\t\t\t<\/div>\n\t\t\t\t\t\t\t\t\t<\/a>\n\t\t\t\t\t\t\t<a class=\"e-gallery-item elementor-gallery-item elementor-animated-content\" href=\"https:\/\/www.decotec-studio.com\/wp-content\/uploads\/2026\/04\/DECOTEC-NEXUS.07.png\" data-elementor-open-lightbox=\"yes\" data-elementor-lightbox-slideshow=\"73c2e06\" data-elementor-lightbox-title=\"DECOTEC-NEXUS.07\" data-elementor-lightbox-description=\"Biennale de Venise - Nexus par Charlotte Juillard pour Decotec\" data-e-action-hash=\"#elementor-action%3Aaction%3Dlightbox%26settings%3DeyJpZCI6MTg2MSwidXJsIjoiaHR0cHM6XC9cL3d3dy5kZWNvdGVjLXN0dWRpby5jb21cL3dwLWNvbnRlbnRcL3VwbG9hZHNcLzIwMjZcLzA0XC9ERUNPVEVDLU5FWFVTLjA3LnBuZyIsInNsaWRlc2hvdyI6IjczYzJlMDYifQ%3D%3D\">\n\t\t\t\t\t<div class=\"e-gallery-image elementor-gallery-item__image\" data-thumbnail=\"https:\/\/www.decotec-studio.com\/wp-content\/uploads\/2026\/04\/DECOTEC-NEXUS.07-1024x996.png\" data-width=\"1024\" data-height=\"996\" aria-label=\"Nexus par Charlotte Juillard pour Decotec\" role=\"img\" ><\/div>\n\t\t\t\t\t\t\t\t\t\t\t<div class=\"elementor-gallery-item__overlay\"><\/div>\n\t\t\t\t\t\t\t\t\t\t\t\t\t\t\t<div class=\"elementor-gallery-item__content\">\n\t\t\t\t\t\t\t\t\t\t\t\t\t\t<div class=\"elementor-gallery-item__title\">\n\t\t\t\t\t\t\t\t\t\t\t\t\t\t\t\t\t\tDECOTEC-NEXUS.07\t\t\t\t\t\t\t\t<\/div>\n\t\t\t\t\t\t\t\t\t\t\t\t\t\t\t<div class=\"elementor-gallery-item__description\">\n\t\t\t\t\t\t\t\t\t\t\t\t\t\t\t\t\t\tBiennale de Venise - Nexus par Charlotte Juillard pour Decotec\t\t\t\t\t\t\t\t<\/div>\n\t\t\t\t\t\t\t\t\t\t\t\t<\/div>\n\t\t\t\t\t\t\t\t\t<\/a>\n\t\t\t\t\t\t\t<a class=\"e-gallery-item elementor-gallery-item elementor-animated-content\" href=\"https:\/\/www.decotec-studio.com\/wp-content\/uploads\/2026\/04\/DECOTEC-NEXUS.10.png\" data-elementor-open-lightbox=\"yes\" data-elementor-lightbox-slideshow=\"73c2e06\" data-elementor-lightbox-title=\"DECOTEC-NEXUS.10\" data-elementor-lightbox-description=\"Biennale de Venise - Nexus par Charlotte Juillard pour Decotec\" data-e-action-hash=\"#elementor-action%3Aaction%3Dlightbox%26settings%3DeyJpZCI6MTg2MywidXJsIjoiaHR0cHM6XC9cL3d3dy5kZWNvdGVjLXN0dWRpby5jb21cL3dwLWNvbnRlbnRcL3VwbG9hZHNcLzIwMjZcLzA0XC9ERUNPVEVDLU5FWFVTLjEwLnBuZyIsInNsaWRlc2hvdyI6IjczYzJlMDYifQ%3D%3D\">\n\t\t\t\t\t<div class=\"e-gallery-image elementor-gallery-item__image\" data-thumbnail=\"https:\/\/www.decotec-studio.com\/wp-content\/uploads\/2026\/04\/DECOTEC-NEXUS.10-1024x996.png\" data-width=\"1024\" data-height=\"996\" aria-label=\"Nexus par Charlotte Juillard pour Decotec\" role=\"img\" ><\/div>\n\t\t\t\t\t\t\t\t\t\t\t<div class=\"elementor-gallery-item__overlay\"><\/div>\n\t\t\t\t\t\t\t\t\t\t\t\t\t\t\t<div class=\"elementor-gallery-item__content\">\n\t\t\t\t\t\t\t\t\t\t\t\t\t\t<div class=\"elementor-gallery-item__title\">\n\t\t\t\t\t\t\t\t\t\t\t\t\t\t\t\t\t\tDECOTEC-NEXUS.10\t\t\t\t\t\t\t\t<\/div>\n\t\t\t\t\t\t\t\t\t\t\t\t\t\t\t<div class=\"elementor-gallery-item__description\">\n\t\t\t\t\t\t\t\t\t\t\t\t\t\t\t\t\t\tBiennale de Venise - Nexus par Charlotte Juillard pour Decotec\t\t\t\t\t\t\t\t<\/div>\n\t\t\t\t\t\t\t\t\t\t\t\t<\/div>\n\t\t\t\t\t\t\t\t\t<\/a>\n\t\t\t\t\t\t\t<a class=\"e-gallery-item elementor-gallery-item elementor-animated-content\" href=\"https:\/\/www.decotec-studio.com\/wp-content\/uploads\/2025\/04\/Pavillon-France-Les-salles-deau-\u00a9Jose-Levy.jpg\" data-elementor-open-lightbox=\"yes\" data-elementor-lightbox-slideshow=\"73c2e06\" data-elementor-lightbox-title=\"Pavillon France - Les salles d&#039;eau \u00a9Jose Levy\" data-elementor-lightbox-description=\"Meuble Kanta\u00ef avec Jos\u00e9 Levy par Decotec au Pavillon de France \" data-e-action-hash=\"#elementor-action%3Aaction%3Dlightbox%26settings%3DeyJpZCI6MTc2MiwidXJsIjoiaHR0cHM6XC9cL3d3dy5kZWNvdGVjLXN0dWRpby5jb21cL3dwLWNvbnRlbnRcL3VwbG9hZHNcLzIwMjVcLzA0XC9QYXZpbGxvbi1GcmFuY2UtTGVzLXNhbGxlcy1kZWF1LVx1MDBhOUpvc2UtTGV2eS5qcGciLCJzbGlkZXNob3ciOiI3M2MyZTA2In0%3D\">\n\t\t\t\t\t<div class=\"e-gallery-image elementor-gallery-item__image\" data-thumbnail=\"https:\/\/www.decotec-studio.com\/wp-content\/uploads\/2025\/04\/Pavillon-France-Les-salles-deau-\u00a9Jose-Levy-723x1024.jpg\" data-width=\"723\" data-height=\"1024\" aria-label=\"Meuble Kanta\u00ef Pavillon de France \" role=\"img\" ><\/div>\n\t\t\t\t\t\t\t\t\t\t\t<div class=\"elementor-gallery-item__overlay\"><\/div>\n\t\t\t\t\t\t\t\t\t\t\t\t\t\t\t<div class=\"elementor-gallery-item__content\">\n\t\t\t\t\t\t\t\t\t\t\t\t\t\t<div class=\"elementor-gallery-item__title\">\n\t\t\t\t\t\t\t\t\t\t\t\t\t\t\t\t\t\tPavillon France - Les salles d'eau \u00a9Jose Levy\t\t\t\t\t\t\t\t<\/div>\n\t\t\t\t\t\t\t\t\t\t\t\t\t\t\t<div class=\"elementor-gallery-item__description\">\n\t\t\t\t\t\t\t\t\t\t\t\t\t\t\t\t\t\tMeuble Kanta\u00ef avec Jos\u00e9 Levy par Decotec au Pavillon de France \t\t\t\t\t\t\t\t<\/div>\n\t\t\t\t\t\t\t\t\t\t\t\t<\/div>\n\t\t\t\t\t\t\t\t\t<\/a>\n\t\t\t\t\t\t\t<a class=\"e-gallery-item elementor-gallery-item elementor-animated-content\" href=\"https:\/\/www.decotec-studio.com\/wp-content\/uploads\/2025\/04\/KANTAI-120_FJORD-BR.FIN01_sRGB.jpg\" data-elementor-open-lightbox=\"yes\" data-elementor-lightbox-slideshow=\"73c2e06\" data-elementor-lightbox-title=\"KANTAI 120_FJORD BR.FIN01_sRGB\" data-elementor-lightbox-description=\"Meuble Kanta\u00ef avec Jos\u00e9 Levy par Decotec au Pavillon de France \" data-e-action-hash=\"#elementor-action%3Aaction%3Dlightbox%26settings%3DeyJpZCI6MTc2MCwidXJsIjoiaHR0cHM6XC9cL3d3dy5kZWNvdGVjLXN0dWRpby5jb21cL3dwLWNvbnRlbnRcL3VwbG9hZHNcLzIwMjVcLzA0XC9LQU5UQUktMTIwX0ZKT1JELUJSLkZJTjAxX3NSR0IuanBnIiwic2xpZGVzaG93IjoiNzNjMmUwNiJ9\">\n\t\t\t\t\t<div class=\"e-gallery-image elementor-gallery-item__image\" data-thumbnail=\"https:\/\/www.decotec-studio.com\/wp-content\/uploads\/2025\/04\/KANTAI-120_FJORD-BR.FIN01_sRGB-1024x1024.jpg\" data-width=\"1024\" data-height=\"1024\" aria-label=\"Meuble Kanta\u00ef Pavillon de France \" role=\"img\" ><\/div>\n\t\t\t\t\t\t\t\t\t\t\t<div class=\"elementor-gallery-item__overlay\"><\/div>\n\t\t\t\t\t\t\t\t\t\t\t\t\t\t\t<div class=\"elementor-gallery-item__content\">\n\t\t\t\t\t\t\t\t\t\t\t\t\t\t<div class=\"elementor-gallery-item__title\">\n\t\t\t\t\t\t\t\t\t\t\t\t\t\t\t\t\t\tKANTAI 120_FJORD BR.FIN01_sRGB\t\t\t\t\t\t\t\t<\/div>\n\t\t\t\t\t\t\t\t\t\t\t\t\t\t\t<div class=\"elementor-gallery-item__description\">\n\t\t\t\t\t\t\t\t\t\t\t\t\t\t\t\t\t\tMeuble Kanta\u00ef avec Jos\u00e9 Levy par Decotec au Pavillon de France \t\t\t\t\t\t\t\t<\/div>\n\t\t\t\t\t\t\t\t\t\t\t\t<\/div>\n\t\t\t\t\t\t\t\t\t<\/a>\n\t\t\t\t\t\t\t<a class=\"e-gallery-item elementor-gallery-item elementor-animated-content\" href=\"https:\/\/www.decotec-studio.com\/wp-content\/uploads\/2023\/03\/Concept-Voyage-de-MasiniPotente-pour-Decotec-Studio-cote-coiffeuse-small.jpg\" data-elementor-open-lightbox=\"yes\" data-elementor-lightbox-slideshow=\"73c2e06\" data-elementor-lightbox-title=\"Concept Voyage de MasiniPotente pour Decotec Studio cote coiffeuse-small\" data-elementor-lightbox-description=\"Concept Voyage de Masini &amp; Potente pour Decotec Studio c\u00f4t\u00e9 coiffeuse\" data-e-action-hash=\"#elementor-action%3Aaction%3Dlightbox%26settings%3DeyJpZCI6MTQwMiwidXJsIjoiaHR0cHM6XC9cL3d3dy5kZWNvdGVjLXN0dWRpby5jb21cL3dwLWNvbnRlbnRcL3VwbG9hZHNcLzIwMjNcLzAzXC9Db25jZXB0LVZveWFnZS1kZS1NYXNpbmlQb3RlbnRlLXBvdXItRGVjb3RlYy1TdHVkaW8tY290ZS1jb2lmZmV1c2Utc21hbGwuanBnIiwic2xpZGVzaG93IjoiNzNjMmUwNiJ9\">\n\t\t\t\t\t<div class=\"e-gallery-image elementor-gallery-item__image\" data-thumbnail=\"https:\/\/www.decotec-studio.com\/wp-content\/uploads\/2023\/03\/Concept-Voyage-de-MasiniPotente-pour-Decotec-Studio-cote-coiffeuse-small-1024x576.jpg\" data-width=\"1024\" data-height=\"576\" aria-label=\"Concept Voyage de Masini &amp; Potente pour Decotec Studio\" role=\"img\" ><\/div>\n\t\t\t\t\t\t\t\t\t\t\t<div class=\"elementor-gallery-item__overlay\"><\/div>\n\t\t\t\t\t\t\t\t\t\t\t\t\t\t\t<div class=\"elementor-gallery-item__content\">\n\t\t\t\t\t\t\t\t\t\t\t\t\t\t<div class=\"elementor-gallery-item__title\">\n\t\t\t\t\t\t\t\t\t\t\t\t\t\t\t\t\t\tConcept Voyage de MasiniPotente pour Decotec Studio cote coiffeuse-small\t\t\t\t\t\t\t\t<\/div>\n\t\t\t\t\t\t\t\t\t\t\t\t\t\t\t<div class=\"elementor-gallery-item__description\">\n\t\t\t\t\t\t\t\t\t\t\t\t\t\t\t\t\t\tConcept Voyage de Masini & Potente pour Decotec Studio c\u00f4t\u00e9 coiffeuse\t\t\t\t\t\t\t\t<\/div>\n\t\t\t\t\t\t\t\t\t\t\t\t<\/div>\n\t\t\t\t\t\t\t\t\t<\/a>\n\t\t\t\t\t\t\t<a class=\"e-gallery-item elementor-gallery-item elementor-animated-content\" href=\"https:\/\/www.decotec-studio.com\/wp-content\/uploads\/2023\/03\/Concept-Voyage-de-MasiniPotente-pour-Decotec-Studio-cote-douche-small.jpg\" data-elementor-open-lightbox=\"yes\" data-elementor-lightbox-slideshow=\"73c2e06\" data-elementor-lightbox-title=\"Concept Voyage de MasiniPotente pour Decotec Studio cote douche-small\" data-elementor-lightbox-description=\"Concept Voyage de Potente &amp; Masini  pour Decotec Studio c\u00f4t\u00e9 douche\" data-e-action-hash=\"#elementor-action%3Aaction%3Dlightbox%26settings%3DeyJpZCI6MTQwNCwidXJsIjoiaHR0cHM6XC9cL3d3dy5kZWNvdGVjLXN0dWRpby5jb21cL3dwLWNvbnRlbnRcL3VwbG9hZHNcLzIwMjNcLzAzXC9Db25jZXB0LVZveWFnZS1kZS1NYXNpbmlQb3RlbnRlLXBvdXItRGVjb3RlYy1TdHVkaW8tY290ZS1kb3VjaGUtc21hbGwuanBnIiwic2xpZGVzaG93IjoiNzNjMmUwNiJ9\">\n\t\t\t\t\t<div class=\"e-gallery-image elementor-gallery-item__image\" data-thumbnail=\"https:\/\/www.decotec-studio.com\/wp-content\/uploads\/2023\/03\/Concept-Voyage-de-MasiniPotente-pour-Decotec-Studio-cote-douche-small-1024x576.jpg\" data-width=\"1024\" data-height=\"576\" aria-label=\"Concept Voyage de Potente &amp; Masini  pour Decotec Studio\" role=\"img\" ><\/div>\n\t\t\t\t\t\t\t\t\t\t\t<div class=\"elementor-gallery-item__overlay\"><\/div>\n\t\t\t\t\t\t\t\t\t\t\t\t\t\t\t<div class=\"elementor-gallery-item__content\">\n\t\t\t\t\t\t\t\t\t\t\t\t\t\t<div class=\"elementor-gallery-item__title\">\n\t\t\t\t\t\t\t\t\t\t\t\t\t\t\t\t\t\tConcept Voyage de MasiniPotente pour Decotec Studio cote douche-small\t\t\t\t\t\t\t\t<\/div>\n\t\t\t\t\t\t\t\t\t\t\t\t\t\t\t<div class=\"elementor-gallery-item__description\">\n\t\t\t\t\t\t\t\t\t\t\t\t\t\t\t\t\t\tConcept Voyage de Potente & Masini  pour Decotec Studio c\u00f4t\u00e9 douche\t\t\t\t\t\t\t\t<\/div>\n\t\t\t\t\t\t\t\t\t\t\t\t<\/div>\n\t\t\t\t\t\t\t\t\t<\/a>\n\t\t\t\t\t\t\t<a class=\"e-gallery-item elementor-gallery-item elementor-animated-content\" href=\"https:\/\/www.decotec-studio.com\/wp-content\/uploads\/2022\/03\/DECOTEC-STUDIO-Marbre-creme-matiere-Corde-scaled.jpg\" data-elementor-open-lightbox=\"yes\" data-elementor-lightbox-slideshow=\"73c2e06\" data-elementor-lightbox-title=\"DECOTEC STUDIO Marbre Cr\u00e8me &amp; Corde\" data-elementor-lightbox-description=\"Fa\u00e7ade corde r\u00e9alis\u00e9e par V\u00e9ronique de Soultrait&lt;br\/&gt; \nL200,9 x P 52,5 x H 49,8\nmeuble 4 tiroirs (120 + 80)\n&lt;br\/&gt;\n- Vasque positionnable \u00e0 droite ou \u00e0 gauche - \n&lt;br\/&gt;Existe en meuble 140 - 2 tiroirs &amp; 160 - 4 tiroirs\" data-e-action-hash=\"#elementor-action%3Aaction%3Dlightbox%26settings%3DeyJpZCI6MTAwMywidXJsIjoiaHR0cHM6XC9cL3d3dy5kZWNvdGVjLXN0dWRpby5jb21cL3dwLWNvbnRlbnRcL3VwbG9hZHNcLzIwMjJcLzAzXC9ERUNPVEVDLVNUVURJTy1NYXJicmUtY3JlbWUtbWF0aWVyZS1Db3JkZS1zY2FsZWQuanBnIiwic2xpZGVzaG93IjoiNzNjMmUwNiJ9\">\n\t\t\t\t\t<div class=\"e-gallery-image elementor-gallery-item__image\" data-thumbnail=\"https:\/\/www.decotec-studio.com\/wp-content\/uploads\/2022\/03\/DECOTEC-STUDIO-Marbre-creme-matiere-Corde-790x1024.jpg\" data-width=\"790\" data-height=\"1024\" aria-label=\"\" role=\"img\" ><\/div>\n\t\t\t\t\t\t\t\t\t\t\t<div class=\"elementor-gallery-item__overlay\"><\/div>\n\t\t\t\t\t\t\t\t\t\t\t\t\t\t\t<div class=\"elementor-gallery-item__content\">\n\t\t\t\t\t\t\t\t\t\t\t\t\t\t<div class=\"elementor-gallery-item__title\">\n\t\t\t\t\t\t\t\t\t\t\t\t\t\t\t\t\t\tDECOTEC STUDIO Marbre Cr\u00e8me & Corde\t\t\t\t\t\t\t\t<\/div>\n\t\t\t\t\t\t\t\t\t\t\t\t\t\t\t<div class=\"elementor-gallery-item__description\">\n\t\t\t\t\t\t\t\t\t\t\t\t\t\t\t\t\t\tFa\u00e7ade corde r\u00e9alis\u00e9e par V\u00e9ronique de Soultrait<br\/> \nL200,9 x P 52,5 x H 49,8\nmeuble 4 tiroirs (120 + 80)\n<br\/>\n- Vasque positionnable \u00e0 droite ou \u00e0 gauche - \n<br\/>Existe en meuble 140 - 2 tiroirs & 160 - 4 tiroirs\t\t\t\t\t\t\t\t<\/div>\n\t\t\t\t\t\t\t\t\t\t\t\t<\/div>\n\t\t\t\t\t\t\t\t\t<\/a>\n\t\t\t\t\t\t\t<a class=\"e-gallery-item elementor-gallery-item elementor-animated-content\" href=\"https:\/\/www.decotec-studio.com\/wp-content\/uploads\/2022\/03\/DECOTEC-STUDIO-Marbre-desir-matiere-Corde-scaled.jpg\" data-elementor-open-lightbox=\"yes\" data-elementor-lightbox-slideshow=\"73c2e06\" data-elementor-lightbox-title=\"DECOTEC STUDIO Marbre D\u00e9sir &amp; Corde\" data-elementor-lightbox-description=\"Fa\u00e7ade corde r\u00e9alis\u00e9e par V\u00e9ronique de Soultrait&lt;br\/&gt; \nL200,9 x P 52,5 x H 49,8\nmeuble 4 tiroirs (120 + 80)\n&lt;br\/&gt;\n- Vasque positionnable \u00e0 droite ou \u00e0 gauche - \n&lt;br\/&gt;Existe en meuble 140 - 2 tiroirs &amp; 160 - 4 tiroirs\" data-e-action-hash=\"#elementor-action%3Aaction%3Dlightbox%26settings%3DeyJpZCI6MTAwMiwidXJsIjoiaHR0cHM6XC9cL3d3dy5kZWNvdGVjLXN0dWRpby5jb21cL3dwLWNvbnRlbnRcL3VwbG9hZHNcLzIwMjJcLzAzXC9ERUNPVEVDLVNUVURJTy1NYXJicmUtZGVzaXItbWF0aWVyZS1Db3JkZS1zY2FsZWQuanBnIiwic2xpZGVzaG93IjoiNzNjMmUwNiJ9\">\n\t\t\t\t\t<div class=\"e-gallery-image elementor-gallery-item__image\" data-thumbnail=\"https:\/\/www.decotec-studio.com\/wp-content\/uploads\/2022\/03\/DECOTEC-STUDIO-Marbre-desir-matiere-Corde-790x1024.jpg\" data-width=\"790\" data-height=\"1024\" aria-label=\"\" role=\"img\" ><\/div>\n\t\t\t\t\t\t\t\t\t\t\t<div class=\"elementor-gallery-item__overlay\"><\/div>\n\t\t\t\t\t\t\t\t\t\t\t\t\t\t\t<div class=\"elementor-gallery-item__content\">\n\t\t\t\t\t\t\t\t\t\t\t\t\t\t<div class=\"elementor-gallery-item__title\">\n\t\t\t\t\t\t\t\t\t\t\t\t\t\t\t\t\t\tDECOTEC STUDIO Marbre D\u00e9sir & Corde\t\t\t\t\t\t\t\t<\/div>\n\t\t\t\t\t\t\t\t\t\t\t\t\t\t\t<div class=\"elementor-gallery-item__description\">\n\t\t\t\t\t\t\t\t\t\t\t\t\t\t\t\t\t\tFa\u00e7ade corde r\u00e9alis\u00e9e par V\u00e9ronique de Soultrait<br\/> \nL200,9 x P 52,5 x H 49,8\nmeuble 4 tiroirs (120 + 80)\n<br\/>\n- Vasque positionnable \u00e0 droite ou \u00e0 gauche - \n<br\/>Existe en meuble 140 - 2 tiroirs & 160 - 4 tiroirs\t\t\t\t\t\t\t\t<\/div>\n\t\t\t\t\t\t\t\t\t\t\t\t<\/div>\n\t\t\t\t\t\t\t\t\t<\/a>\n\t\t\t\t\t\t\t<a class=\"e-gallery-item elementor-gallery-item elementor-animated-content\" href=\"https:\/\/www.decotec-studio.com\/wp-content\/uploads\/2022\/03\/DECOTEC-travertin-metal-scaled.jpg\" data-elementor-open-lightbox=\"yes\" data-elementor-lightbox-slideshow=\"73c2e06\" data-elementor-lightbox-title=\"DECOTEC Studio travertin-metal\" data-elementor-lightbox-description=\"Fa\u00e7ade m\u00e9tallis\u00e9e r\u00e9alis\u00e9e par Steaven Richard&lt;br\/&gt;\nL200,9 x P 52,5 x H 49,8\nmeuble 4 tiroirs (120 + 80)\n&lt;br\/&gt;- Vasque positionnable \u00e0 droite ou \u00e0 gauche - \n&lt;br\/&gt;Existe en meuble 140 - 2 tiroirs &amp; 160 - 4 tiroirs\" data-e-action-hash=\"#elementor-action%3Aaction%3Dlightbox%26settings%3DeyJpZCI6MTAwMCwidXJsIjoiaHR0cHM6XC9cL3d3dy5kZWNvdGVjLXN0dWRpby5jb21cL3dwLWNvbnRlbnRcL3VwbG9hZHNcLzIwMjJcLzAzXC9ERUNPVEVDLXRyYXZlcnRpbi1tZXRhbC1zY2FsZWQuanBnIiwic2xpZGVzaG93IjoiNzNjMmUwNiJ9\">\n\t\t\t\t\t<div class=\"e-gallery-image elementor-gallery-item__image\" data-thumbnail=\"https:\/\/www.decotec-studio.com\/wp-content\/uploads\/2022\/03\/DECOTEC-travertin-metal-790x1024.jpg\" data-width=\"790\" data-height=\"1024\" aria-label=\"\" role=\"img\" ><\/div>\n\t\t\t\t\t\t\t\t\t\t\t<div class=\"elementor-gallery-item__overlay\"><\/div>\n\t\t\t\t\t\t\t\t\t\t\t\t\t\t\t<div class=\"elementor-gallery-item__content\">\n\t\t\t\t\t\t\t\t\t\t\t\t\t\t<div class=\"elementor-gallery-item__title\">\n\t\t\t\t\t\t\t\t\t\t\t\t\t\t\t\t\t\tDECOTEC Studio travertin-metal\t\t\t\t\t\t\t\t<\/div>\n\t\t\t\t\t\t\t\t\t\t\t\t\t\t\t<div class=\"elementor-gallery-item__description\">\n\t\t\t\t\t\t\t\t\t\t\t\t\t\t\t\t\t\tFa\u00e7ade m\u00e9tallis\u00e9e r\u00e9alis\u00e9e par Steaven Richard<br\/>\nL200,9 x P 52,5 x H 49,8\nmeuble 4 tiroirs (120 + 80)\n<br\/>- Vasque positionnable \u00e0 droite ou \u00e0 gauche - \n<br\/>Existe en meuble 140 - 2 tiroirs & 160 - 4 tiroirs\t\t\t\t\t\t\t\t<\/div>\n\t\t\t\t\t\t\t\t\t\t\t\t<\/div>\n\t\t\t\t\t\t\t\t\t<\/a>\n\t\t\t\t\t<\/div>\n\t\t\t\t\t<\/div>\n\t\t\t\t<\/div>\n\t\t\t\t\t<\/div>\n\t\t<\/div>\n\t\t\t\t\t<\/div>\n\t\t<\/section>\n\t\t\t\t<section class=\"elementor-section elementor-top-section elementor-element elementor-element-20be0b6 elementor-section-height-min-height elementor-section-full_width elementor-section-items-stretch elementor-section-content-middle elementor-section-height-default\" data-id=\"20be0b6\" data-element_type=\"section\" data-e-type=\"section\" data-settings=\"{&quot;background_background&quot;:&quot;classic&quot;}\">\n\t\t\t\t\t\t<div class=\"elementor-container elementor-column-gap-no\">\n\t\t\t\t\t<div class=\"elementor-column elementor-col-50 elementor-top-column elementor-element elementor-element-51a0ee93\" data-id=\"51a0ee93\" data-element_type=\"column\" data-e-type=\"column\">\n\t\t\t<div class=\"elementor-widget-wrap elementor-element-populated\">\n\t\t\t\t\t\t<div class=\"elementor-element elementor-element-5e76e5ce elementor-widget elementor-widget-heading\" data-id=\"5e76e5ce\" data-element_type=\"widget\" data-e-type=\"widget\" data-widget_type=\"heading.default\">\n\t\t\t\t<div class=\"elementor-widget-container\">\n\t\t\t\t\t<h2 class=\"elementor-heading-title elementor-size-default\">CUSTOMISED PROJECT STUDIES<\/h2>\t\t\t\t<\/div>\n\t\t\t\t<\/div>\n\t\t\t\t<div class=\"elementor-element elementor-element-76bf7798 elementor-widget-divider--view-line elementor-widget elementor-widget-divider\" data-id=\"76bf7798\" data-element_type=\"widget\" data-e-type=\"widget\" data-widget_type=\"divider.default\">\n\t\t\t\t<div class=\"elementor-widget-container\">\n\t\t\t\t\t\t\t<div class=\"elementor-divider\">\n\t\t\t<span class=\"elementor-divider-separator\">\n\t\t\t\t\t\t<\/span>\n\t\t<\/div>\n\t\t\t\t\t\t<\/div>\n\t\t\t\t<\/div>\n\t\t\t\t<div class=\"elementor-element elementor-element-33dc3cb elementor-widget elementor-widget-text-editor\" data-id=\"33dc3cb\" data-element_type=\"widget\" data-e-type=\"widget\" data-widget_type=\"text-editor.default\">\n\t\t\t\t<div class=\"elementor-widget-container\">\n\t\t\t\t\t\t\t\t\t<p>Feel free to contact us. We will be glad to discuss your project in detail, provide estimates and answer any questions you may have.<\/p>\t\t\t\t\t\t\t\t<\/div>\n\t\t\t\t<\/div>\n\t\t\t\t<div class=\"elementor-element elementor-element-6cb61277 elementor-align-left elementor-widget elementor-widget-button\" data-id=\"6cb61277\" data-element_type=\"widget\" data-e-type=\"widget\" data-widget_type=\"button.default\">\n\t\t\t\t<div class=\"elementor-widget-container\">\n\t\t\t\t\t\t\t\t\t<div class=\"elementor-button-wrapper\">\n\t\t\t\t\t<a class=\"elementor-button elementor-button-link elementor-size-sm elementor-animation-hang\" href=\"https:\/\/www.decotec-studio.com\/en\/contact\/\">\n\t\t\t\t\t\t<span class=\"elementor-button-content-wrapper\">\n\t\t\t\t\t\t\t\t\t<span class=\"elementor-button-text\">Contact decotec \u27f6<\/span>\n\t\t\t\t\t<\/span>\n\t\t\t\t\t<\/a>\n\t\t\t\t<\/div>\n\t\t\t\t\t\t\t\t<\/div>\n\t\t\t\t<\/div>\n\t\t\t\t\t<\/div>\n\t\t<\/div>\n\t\t\t\t<div class=\"elementor-column elementor-col-50 elementor-top-column elementor-element elementor-element-2afc9e0a\" data-id=\"2afc9e0a\" data-element_type=\"column\" data-e-type=\"column\" data-settings=\"{&quot;background_background&quot;:&quot;classic&quot;}\">\n\t\t\t<div class=\"elementor-widget-wrap elementor-element-populated\">\n\t\t\t\t\t\t<div class=\"elementor-element elementor-element-5c7ca729 elementor-widget elementor-widget-spacer\" data-id=\"5c7ca729\" data-element_type=\"widget\" data-e-type=\"widget\" data-widget_type=\"spacer.default\">\n\t\t\t\t<div class=\"elementor-widget-container\">\n\t\t\t\t\t\t\t<div class=\"elementor-spacer\">\n\t\t\t<div class=\"elementor-spacer-inner\"><\/div>\n\t\t<\/div>\n\t\t\t\t\t\t<\/div>\n\t\t\t\t<\/div>\n\t\t\t\t\t<\/div>\n\t\t<\/div>\n\t\t\t\t\t<\/div>\n\t\t<\/section>\n\t\t\t\t<\/div>\n\t\t","protected":false},"excerpt":{"rendered":"<p>Realizations Know-how, exclusivity, passion Decotec Studio is our service dedicated to interior design professionals. We create singular furniture from collaboration with craftsmen and designers, for their individual or collective projects. Do not hesitate to contact us ! We are waiting for you&#8230; \u27f6 New collaboration: On the occasion of the Venice Biennale 2026, the exhibition [&hellip;]<\/p>\n","protected":false},"author":1,"featured_media":0,"parent":0,"menu_order":0,"comment_status":"closed","ping_status":"closed","template":"elementor_header_footer","meta":{"site-sidebar-layout":"default","site-content-layout":"","ast-site-content-layout":"default","site-content-style":"default","site-sidebar-style":"default","ast-global-header-display":"","ast-banner-title-visibility":"","ast-main-header-display":"","ast-hfb-above-header-display":"","ast-hfb-below-header-display":"","ast-hfb-mobile-header-display":"","site-post-title":"disabled","ast-breadcrumbs-content":"","ast-featured-img":"","footer-sml-layout":"","ast-disable-related-posts":"","theme-transparent-header-meta":"","adv-header-id-meta":"","stick-header-meta":"","header-above-stick-meta":"","header-main-stick-meta":"","header-below-stick-meta":"","astra-migrate-meta-layouts":"default","ast-page-background-enabled":"default","ast-page-background-meta":{"desktop":{"background-color":"var(--ast-global-color-4)","background-image":"","background-repeat":"repeat","background-position":"center center","background-size":"auto","background-attachment":"scroll","background-type":"","background-media":"","overlay-type":"","overlay-color":"","overlay-opacity":"","overlay-gradient":""},"tablet":{"background-color":"","background-image":"","background-repeat":"repeat","background-position":"center center","background-size":"auto","background-attachment":"scroll","background-type":"","background-media":"","overlay-type":"","overlay-color":"","overlay-opacity":"","overlay-gradient":""},"mobile":{"background-color":"","background-image":"","background-repeat":"repeat","background-position":"center center","background-size":"auto","background-attachment":"scroll","background-type":"","background-media":"","overlay-type":"","overlay-color":"","overlay-opacity":"","overlay-gradient":""}},"ast-content-background-meta":{"desktop":{"background-color":"var(--ast-global-color-5)","background-image":"","background-repeat":"repeat","background-position":"center center","background-size":"auto","background-attachment":"scroll","background-type":"","background-media":"","overlay-type":"","overlay-color":"","overlay-opacity":"","overlay-gradient":""},"tablet":{"background-color":"var(--ast-global-color-5)","background-image":"","background-repeat":"repeat","background-position":"center center","background-size":"auto","background-attachment":"scroll","background-type":"","background-media":"","overlay-type":"","overlay-color":"","overlay-opacity":"","overlay-gradient":""},"mobile":{"background-color":"var(--ast-global-color-5)","background-image":"","background-repeat":"repeat","background-position":"center center","background-size":"auto","background-attachment":"scroll","background-type":"","background-media":"","overlay-type":"","overlay-color":"","overlay-opacity":"","overlay-gradient":""}},"footnotes":""},"class_list":["post-1035","page","type-page","status-publish","hentry"],"yoast_head":"<!-- This site is optimized with the Yoast SEO plugin v27.4 - https:\/\/yoast.com\/product\/yoast-seo-wordpress\/ -->\n<title>Realizations - DECOTEC Studio<\/title>\n<meta name=\"description\" content=\"We present the realizations within the framework of DECOTEC STUDIO, our service dedicated to the special projects of architects &amp; designers.\" \/>\n<meta name=\"robots\" content=\"index, follow, max-snippet:-1, max-image-preview:large, max-video-preview:-1\" \/>\n<link rel=\"canonical\" href=\"https:\/\/www.decotec-studio.com\/en\/realizations\/\" \/>\n<meta property=\"og:locale\" content=\"en_US\" \/>\n<meta property=\"og:type\" content=\"article\" \/>\n<meta property=\"og:title\" content=\"Realizations - DECOTEC Studio\" \/>\n<meta property=\"og:description\" content=\"We present the realizations within the framework of DECOTEC STUDIO, our service dedicated to the special projects of architects &amp; designers.\" \/>\n<meta property=\"og:url\" content=\"https:\/\/www.decotec-studio.com\/en\/realizations\/\" \/>\n<meta property=\"og:site_name\" content=\"DECOTEC Studio\" \/>\n<meta property=\"article:publisher\" content=\"https:\/\/www.facebook.com\/DecotecOfficiel\" \/>\n<meta property=\"article:modified_time\" content=\"2026-04-27T15:21:40+00:00\" \/>\n<meta property=\"og:image\" content=\"https:\/\/www.decotec-studio.com\/wp-content\/uploads\/2023\/03\/esperluette-p-m-sans-cadre.png\" \/>\n<meta name=\"twitter:card\" content=\"summary_large_image\" \/>\n<meta name=\"twitter:label1\" content=\"Est. reading time\" \/>\n\t<meta name=\"twitter:data1\" content=\"2 minutes\" \/>\n<script type=\"application\/ld+json\" class=\"yoast-schema-graph\">{\"@context\":\"https:\\\/\\\/schema.org\",\"@graph\":[{\"@type\":\"WebPage\",\"@id\":\"https:\\\/\\\/www.decotec-studio.com\\\/en\\\/realizations\\\/\",\"url\":\"https:\\\/\\\/www.decotec-studio.com\\\/en\\\/realizations\\\/\",\"name\":\"Realizations - DECOTEC Studio\",\"isPartOf\":{\"@id\":\"https:\\\/\\\/www.decotec-studio.com\\\/en\\\/#website\"},\"primaryImageOfPage\":{\"@id\":\"https:\\\/\\\/www.decotec-studio.com\\\/en\\\/realizations\\\/#primaryimage\"},\"image\":{\"@id\":\"https:\\\/\\\/www.decotec-studio.com\\\/en\\\/realizations\\\/#primaryimage\"},\"thumbnailUrl\":\"https:\\\/\\\/www.decotec-studio.com\\\/wp-content\\\/uploads\\\/2023\\\/03\\\/esperluette-p-m-sans-cadre.png\",\"datePublished\":\"2022-02-15T18:41:35+00:00\",\"dateModified\":\"2026-04-27T15:21:40+00:00\",\"description\":\"We present the realizations within the framework of DECOTEC STUDIO, our service dedicated to the special projects of architects & designers.\",\"breadcrumb\":{\"@id\":\"https:\\\/\\\/www.decotec-studio.com\\\/en\\\/realizations\\\/#breadcrumb\"},\"inLanguage\":\"en-US\",\"potentialAction\":[{\"@type\":\"ReadAction\",\"target\":[\"https:\\\/\\\/www.decotec-studio.com\\\/en\\\/realizations\\\/\"]}]},{\"@type\":\"ImageObject\",\"inLanguage\":\"en-US\",\"@id\":\"https:\\\/\\\/www.decotec-studio.com\\\/en\\\/realizations\\\/#primaryimage\",\"url\":\"https:\\\/\\\/www.decotec-studio.com\\\/wp-content\\\/uploads\\\/2023\\\/03\\\/esperluette-p-m-sans-cadre.png\",\"contentUrl\":\"https:\\\/\\\/www.decotec-studio.com\\\/wp-content\\\/uploads\\\/2023\\\/03\\\/esperluette-p-m-sans-cadre.png\"},{\"@type\":\"BreadcrumbList\",\"@id\":\"https:\\\/\\\/www.decotec-studio.com\\\/en\\\/realizations\\\/#breadcrumb\",\"itemListElement\":[{\"@type\":\"ListItem\",\"position\":1,\"name\":\"Decotec-studio\",\"item\":\"https:\\\/\\\/www.decotec-studio.com\\\/en\\\/home\\\/\"},{\"@type\":\"ListItem\",\"position\":2,\"name\":\"Realizations\"}]},{\"@type\":\"WebSite\",\"@id\":\"https:\\\/\\\/www.decotec-studio.com\\\/en\\\/#website\",\"url\":\"https:\\\/\\\/www.decotec-studio.com\\\/en\\\/\",\"name\":\"DECOTEC studio\",\"description\":\"Le studio de cr\u00e9ation de DECOTEC\",\"publisher\":{\"@id\":\"https:\\\/\\\/www.decotec-studio.com\\\/en\\\/#organization\"},\"alternateName\":\"Studio de cr\u00e9ation de DECOTEC\",\"potentialAction\":[{\"@type\":\"SearchAction\",\"target\":{\"@type\":\"EntryPoint\",\"urlTemplate\":\"https:\\\/\\\/www.decotec-studio.com\\\/en\\\/?s={search_term_string}\"},\"query-input\":{\"@type\":\"PropertyValueSpecification\",\"valueRequired\":true,\"valueName\":\"search_term_string\"}}],\"inLanguage\":\"en-US\"},{\"@type\":\"Organization\",\"@id\":\"https:\\\/\\\/www.decotec-studio.com\\\/en\\\/#organization\",\"name\":\"DECOTEC Studio\",\"alternateName\":\"Studio de cr\u00e9ation de DECOTEC\",\"url\":\"https:\\\/\\\/www.decotec-studio.com\\\/en\\\/\",\"logo\":{\"@type\":\"ImageObject\",\"inLanguage\":\"en-US\",\"@id\":\"https:\\\/\\\/www.decotec-studio.com\\\/en\\\/#\\\/schema\\\/logo\\\/image\\\/\",\"url\":\"https:\\\/\\\/www.decotec-studio.com\\\/wp-content\\\/uploads\\\/2022\\\/02\\\/LOGO_Decotec-Studio_ROUGE-NOIR.png\",\"contentUrl\":\"https:\\\/\\\/www.decotec-studio.com\\\/wp-content\\\/uploads\\\/2022\\\/02\\\/LOGO_Decotec-Studio_ROUGE-NOIR.png\",\"width\":1418,\"height\":520,\"caption\":\"DECOTEC Studio\"},\"image\":{\"@id\":\"https:\\\/\\\/www.decotec-studio.com\\\/en\\\/#\\\/schema\\\/logo\\\/image\\\/\"},\"sameAs\":[\"https:\\\/\\\/www.facebook.com\\\/DecotecOfficiel\",\"https:\\\/\\\/www.linkedin.com\\\/company\\\/decotec-cr\u00e9ateur-fabricant-de-meubles-de-salle-de-bain\\\/\",\"https:\\\/\\\/www.instagram.com\\\/decotec_officiel\\\/\"]}]}<\/script>\n<!-- \/ Yoast SEO plugin. -->","yoast_head_json":{"title":"Realizations - DECOTEC Studio","description":"We present the realizations within the framework of DECOTEC STUDIO, our service dedicated to the special projects of architects & designers.","robots":{"index":"index","follow":"follow","max-snippet":"max-snippet:-1","max-image-preview":"max-image-preview:large","max-video-preview":"max-video-preview:-1"},"canonical":"https:\/\/www.decotec-studio.com\/en\/realizations\/","og_locale":"en_US","og_type":"article","og_title":"Realizations - DECOTEC Studio","og_description":"We present the realizations within the framework of DECOTEC STUDIO, our service dedicated to the special projects of architects & designers.","og_url":"https:\/\/www.decotec-studio.com\/en\/realizations\/","og_site_name":"DECOTEC Studio","article_publisher":"https:\/\/www.facebook.com\/DecotecOfficiel","article_modified_time":"2026-04-27T15:21:40+00:00","og_image":[{"url":"https:\/\/www.decotec-studio.com\/wp-content\/uploads\/2023\/03\/esperluette-p-m-sans-cadre.png","type":"","width":"","height":""}],"twitter_card":"summary_large_image","twitter_misc":{"Est. reading time":"2 minutes"},"schema":{"@context":"https:\/\/schema.org","@graph":[{"@type":"WebPage","@id":"https:\/\/www.decotec-studio.com\/en\/realizations\/","url":"https:\/\/www.decotec-studio.com\/en\/realizations\/","name":"Realizations - DECOTEC Studio","isPartOf":{"@id":"https:\/\/www.decotec-studio.com\/en\/#website"},"primaryImageOfPage":{"@id":"https:\/\/www.decotec-studio.com\/en\/realizations\/#primaryimage"},"image":{"@id":"https:\/\/www.decotec-studio.com\/en\/realizations\/#primaryimage"},"thumbnailUrl":"https:\/\/www.decotec-studio.com\/wp-content\/uploads\/2023\/03\/esperluette-p-m-sans-cadre.png","datePublished":"2022-02-15T18:41:35+00:00","dateModified":"2026-04-27T15:21:40+00:00","description":"We present the realizations within the framework of DECOTEC STUDIO, our service dedicated to the special projects of architects & designers.","breadcrumb":{"@id":"https:\/\/www.decotec-studio.com\/en\/realizations\/#breadcrumb"},"inLanguage":"en-US","potentialAction":[{"@type":"ReadAction","target":["https:\/\/www.decotec-studio.com\/en\/realizations\/"]}]},{"@type":"ImageObject","inLanguage":"en-US","@id":"https:\/\/www.decotec-studio.com\/en\/realizations\/#primaryimage","url":"https:\/\/www.decotec-studio.com\/wp-content\/uploads\/2023\/03\/esperluette-p-m-sans-cadre.png","contentUrl":"https:\/\/www.decotec-studio.com\/wp-content\/uploads\/2023\/03\/esperluette-p-m-sans-cadre.png"},{"@type":"BreadcrumbList","@id":"https:\/\/www.decotec-studio.com\/en\/realizations\/#breadcrumb","itemListElement":[{"@type":"ListItem","position":1,"name":"Decotec-studio","item":"https:\/\/www.decotec-studio.com\/en\/home\/"},{"@type":"ListItem","position":2,"name":"Realizations"}]},{"@type":"WebSite","@id":"https:\/\/www.decotec-studio.com\/en\/#website","url":"https:\/\/www.decotec-studio.com\/en\/","name":"DECOTEC studio","description":"Le studio de cr\u00e9ation de DECOTEC","publisher":{"@id":"https:\/\/www.decotec-studio.com\/en\/#organization"},"alternateName":"Studio de cr\u00e9ation de DECOTEC","potentialAction":[{"@type":"SearchAction","target":{"@type":"EntryPoint","urlTemplate":"https:\/\/www.decotec-studio.com\/en\/?s={search_term_string}"},"query-input":{"@type":"PropertyValueSpecification","valueRequired":true,"valueName":"search_term_string"}}],"inLanguage":"en-US"},{"@type":"Organization","@id":"https:\/\/www.decotec-studio.com\/en\/#organization","name":"DECOTEC Studio","alternateName":"Studio de cr\u00e9ation de DECOTEC","url":"https:\/\/www.decotec-studio.com\/en\/","logo":{"@type":"ImageObject","inLanguage":"en-US","@id":"https:\/\/www.decotec-studio.com\/en\/#\/schema\/logo\/image\/","url":"https:\/\/www.decotec-studio.com\/wp-content\/uploads\/2022\/02\/LOGO_Decotec-Studio_ROUGE-NOIR.png","contentUrl":"https:\/\/www.decotec-studio.com\/wp-content\/uploads\/2022\/02\/LOGO_Decotec-Studio_ROUGE-NOIR.png","width":1418,"height":520,"caption":"DECOTEC Studio"},"image":{"@id":"https:\/\/www.decotec-studio.com\/en\/#\/schema\/logo\/image\/"},"sameAs":["https:\/\/www.facebook.com\/DecotecOfficiel","https:\/\/www.linkedin.com\/company\/decotec-cr\u00e9ateur-fabricant-de-meubles-de-salle-de-bain\/","https:\/\/www.instagram.com\/decotec_officiel\/"]}]}},"_links":{"self":[{"href":"https:\/\/www.decotec-studio.com\/en\/wp-json\/wp\/v2\/pages\/1035","targetHints":{"allow":["GET"]}}],"collection":[{"href":"https:\/\/www.decotec-studio.com\/en\/wp-json\/wp\/v2\/pages"}],"about":[{"href":"https:\/\/www.decotec-studio.com\/en\/wp-json\/wp\/v2\/types\/page"}],"author":[{"embeddable":true,"href":"https:\/\/www.decotec-studio.com\/en\/wp-json\/wp\/v2\/users\/1"}],"replies":[{"embeddable":true,"href":"https:\/\/www.decotec-studio.com\/en\/wp-json\/wp\/v2\/comments?post=1035"}],"version-history":[{"count":7,"href":"https:\/\/www.decotec-studio.com\/en\/wp-json\/wp\/v2\/pages\/1035\/revisions"}],"predecessor-version":[{"id":1908,"href":"https:\/\/www.decotec-studio.com\/en\/wp-json\/wp\/v2\/pages\/1035\/revisions\/1908"}],"wp:attachment":[{"href":"https:\/\/www.decotec-studio.com\/en\/wp-json\/wp\/v2\/media?parent=1035"}],"curies":[{"name":"wp","href":"https:\/\/api.w.org\/{rel}","templated":true}]}}